{"id":56,"date":"2019-02-24T19:28:33","date_gmt":"2019-02-24T19:28:33","guid":{"rendered":"https:\/\/kolmheadtegu.wordpress.com\/?page_id=56"},"modified":"2019-10-04T16:53:10","modified_gmt":"2019-10-04T13:53:10","slug":"eripakkumine","status":"publish","type":"page","link":"https:\/\/kolmheadtegu.ee\/index.php\/eripakkumine\/","title":{"rendered":"Eripakkumine"},"content":{"rendered":"\n<p style=\"color:#000000\" class=\"has-text-color has-background has-pale-cyan-blue-background-color\">Kuni 2019 aasta&nbsp;<strong>13. oktoobri kesk\u00f6\u00f6ni <\/strong>on v\u00f5imalik erihinnaga registreeruda<strong>&nbsp;(alustava) ettev\u00f5tja coaching-programmi<\/strong>, mida juhatan ja l\u00e4bi viin.<br><\/p>\n\n\n\n<p style=\"color:#040708\" class=\"has-text-color\"><strong>Mis programmis juhtub:<\/strong><\/p>\n\n\n\n<ul class=\"wp-block-list\"><li><span style=\"color:#000000\" class=\"color\">Sa saad iga kuu \u00fche tunniajase v\u00f5i kaks pooletunnist \u00fcks-\u00fchele n\u00f5upidamise ja coachingu aega.<\/span><\/li><li><span style=\"color:#000000\" class=\"color\">Osaled suletud Facebooki grupis, kus on pidevalt v\u00f5imalik k\u00fcsida oma k\u00fcsimusi ja jagada kogemust.<\/span><ul><li><span style=\"color:#000000\" class=\"color\">NB! Siin aktiivselt osalemine ei ole kohustuslik, see on v\u00f5imalik lisav\u00e4\u00e4rtus \ud83d\ude0a<\/span><\/li><\/ul><\/li><li><span style=\"color:#000000\" class=\"color\">Facebooki grupp toimib ka&nbsp;<\/span><em><span style=\"color:#000000\" class=\"color\">mindfullness<\/span><\/em><span style=\"color:#000000\" class=\"color\">-grupina. See t\u00e4hendab, et k\u00f5ik osalejad aitavad \u00fcksteisel liikuda oma eesm\u00e4rkide t\u00e4itumise poole.<\/span><\/li><li><span style=\"color:#000000\" class=\"color\">Igal kuul on \u00fcks (kuni 1,5) tunnine veebikoolitus. Otse osalejad saavad selle k\u00e4igus ka k\u00fcsida k\u00fcsimusi. K\u00f5ik koolitused on p\u00e4rast Facebooki-grupis j\u00e4relevaadatavad.<\/span><\/li><\/ul>\n\n\n\n<p style=\"color:#000000\" class=\"has-text-color\"><strong>Programmi pikkust on Sul endal v\u00f5imalik valida:<\/strong><\/p>\n\n\n\n<ul class=\"wp-block-list\"><li><span style=\"color:#000000\" class=\"color\">Kuue kuuline (oktoober \u2013 2020 m\u00e4rtsi l\u00f5puni)<\/span><\/li><li><span style=\"color:#000000\" class=\"color\">\u00dcheksa kuuline (oktoober \u2013 2020 juuni l\u00f5puni).<\/span><\/li><\/ul>\n\n\n\n<p style=\"color:#000000\" class=\"has-text-color\"><strong>Sinu investeering:<\/strong><\/p>\n\n\n\n<ul class=\"wp-block-list\"><li><span style=\"color:#000000\" class=\"color\">Kuue kuulise programmi puhul 130 Eurot + km igakuise maksena v\u00f5i 680 Eurot + km makstes korraga<\/span><\/li><li><span style=\"color:#000000\" class=\"color\">\u00dcheksa-kuulise programmi puhul 120 Eurot + km igakuise maksena v\u00f5i 900 Eurot + km \u00fchekordse maksena.<\/span><\/li><\/ul>\n\n\n\n<p style=\"color:#000000\" class=\"has-text-color\"><strong>NB! Kohtade arv on piiratud: <\/strong>V\u00f5tan vastu 12 tublit osalejat (v\u00f5i tiimi).<\/p>\n\n\n\n<p style=\"color:#000000\" class=\"has-text-color\"><strong>Esimesed kolm registreerujat saavad lisaks \u00fche \u00fchetunnise tasuta coaching-sessiooni!\ufeff<\/strong><\/p>\n\n\n\n<div class=\"wp-block-button\"><a class=\"wp-block-button__link has-background\" href=\"https:\/\/kolmheadtegu.ee\/index.php\/kontakt\/\" style=\"background-color:#bd090c\"><strong>Registreeru programmi siin!<\/strong><\/a><\/div>\n\n\n\n<p style=\"color:#000000\" class=\"has-text-color\"><strong>Kellele on programm m\u00f5eldud:<\/strong><\/p>\n\n\n\n<ul class=\"wp-block-list\"><li><span style=\"color:#000000\" class=\"color\">Oled alustanud ettev\u00f5tja, kes astub esimesi samme oma ettev\u00f5tte k\u00e4ivitamise teel.<\/span><\/li><li><span style=\"color:#000000\" class=\"color\">Oled ettev\u00f5tja, kes juba m\u00f5nda aega tegutsenud ja plaanib n\u00fc\u00fcd olulist arendust\/k\u00e4ibeh\u00fcpet v\u00f5i kelle tulemused ei ole seni olnud just eriti r\u00f5\u00f5mustavad.<\/span><\/li><li><span style=\"color:#000000\" class=\"color\">Oled ettev\u00f5tlusideega inimene, kes tahab oma \u00e4riidee rakendusplaani l\u00f5puni l\u00e4bi m\u00e4ngida ja astuda esmased sammud selle k\u00e4ivitamiseks.<\/span><\/li><li><span style=\"color:#000000\" class=\"color\">Oled k\u00e4ivitamas MT\u00dcd v\u00f5i muud kodaniku\u00fchendust ja vajad kaasam\u00f5tlemisabi.<\/span><\/li><\/ul>\n\n\n\n<p style=\"color:#000000\" class=\"has-text-color\"><strong>Miks peaksid osalema selles programmis:<\/strong><\/p>\n\n\n\n<ul class=\"wp-block-list\"><li><span style=\"color:#000000\" class=\"color\">Ettev\u00f5tjal on tihti puudu kaasam\u00f5tlev kogenud inimene, kellega asju arutada \u2013&nbsp;<\/span><strong><span style=\"color:#000000\" class=\"color\">ma olen Sulle nii mentor<\/span><\/strong><span style=\"color:#000000\" class=\"color\">&nbsp;(jagan kogemusi)&nbsp;<\/span><strong><span style=\"color:#000000\" class=\"color\">kui coach<\/span><\/strong><span style=\"color:#000000\" class=\"color\">&nbsp;(aitan koostada tegevusplaani ja j\u00e4lgin, kuidas Sul selle elluviimine edeneb).<\/span><\/li><li><span style=\"color:#000000\" class=\"color\">Individuaalsessioonidel saad arutada just Sulle olulisi asju ja \u00fchistel koolitustel v\u00f5i Facebook\u2019i grupis saad lisaks&nbsp;uusi teadmisi ja\/v\u00f5i inspiratsiooni.<\/span><\/li><li><span style=\"color:#000000\" class=\"color\">Vahel j\u00e4\u00e4b puudu pealehakkamisest \u2013 ma aitan Sul igal juhul teele asuda. Me leiame koos Su motivatsiooni ja vajadusel ka lisa-inspiratsiooni, miks Sa peaksid \u00fcldse ettev\u00f5tjana l\u00e4bi oma elu liikuma.<\/span><\/li><li><span style=\"color:#000000\" class=\"color\">Koos teiste sarnases olukorras olijatega on hea liikuda edasi \u2013 nii \u00fcldine toetus, kui ka murede jagamine annavad Sulle parema t\u00f6\u00f6keskkonna ja t\u00f5stavad tegutsemisjulgust.<\/span><\/li><li><span style=\"color:#000000\" class=\"color\">Saad selgemaks oma hinnastrateegia ja katsetada tooteid-teenuseid enne, kui nendega klientide ette astud.<\/span><\/li><li><span style=\"color:#000000\" class=\"color\">P\u00fcstitame iga\u00fchele teist just konkreetselt Sinule olulise eesm\u00e4rgi ja p\u00fc\u00fcame selle poole, et saaksid suurep\u00e4rase tulemuse.<\/span><\/li><\/ul>\n\n\n\n<h1 class=\"wp-block-heading\" style=\"text-align:left\"><span style=\"color:#000000\" class=\"color\">Registreeru coaching-programmi siin<\/span>!<\/h1>\n\n\n\n\n\n\n\n\n\n\n\n\n<p><\/p>\n\n\n\n\n<h2 class=\"wp-block-heading\"><span style=\"color:#0b5170\" class=\"color\">Programmis osalenute tagasiside<\/span><\/h2>\n\n\n\n<p><span style=\"color:#000000\" class=\"color\">V\u00e4ga h\u00e4sti l\u00e4ksid k\u00f5ik silmast-silma kohtumised, alati olid teemad fokusseeritud ja j\u00f5udsime arengusammudeni.<\/span><\/p>\n\n\n\n<p><span style=\"color:#000000\" class=\"color\">Vahel on hea teada, et on olulistes k\u00fcsimustes olemas backup ehk coach, kes vastab ka vahel mulle kui kliendile tunduvatele k\u00f5ige <\/span><em><span style=\"color:#000000\" class=\"color\">rumalamatele<\/span><\/em><span style=\"color:#000000\" class=\"color\"> k\u00fcsimustele. Samas Elmo mitte kunagi ei kritiseeri vaid julgustab iseseisvalt edasi minema. Tal on palju tarkusi, mida jagada aga samas arvestab ka sellega, kui Sinu arvamus on tema omast erinev.<\/span><\/p>\n\n\n\n<p><span style=\"color:#000000\" class=\"color\">Coaching programmi l\u00e4bimine 5 kuu jooksul andis julgust ja indu ning toetas \u00e4riplaani edukal koostamisel ning esimesel korral raha saamisel T\u00f6\u00f6tukassast. Samuti on olnud toetavaks faktoriks edasine eesm\u00e4rkide seadmine ning, mitte alla andmine. <\/span><\/p>\n\n\n\n<p style=\"text-align:right\"><span style=\"color:#074e6d\" class=\"color\">Riina \/osales programmis m\u00e4rts 2019 &#8211; juuli 2019<\/span>\/<\/p>\n\n\n\n<hr class=\"wp-block-separator is-style-dots\"\/>\n\n\n\n<p><span style=\"color:#000000\" class=\"color\">Mulle v\u00e4ga meeldis, et me saime videochattida &#8211; see oli \u00fclimugav ja h\u00e4sti p\u00e4evaplaani mahutatav. Minu jaoks oli Sinust kogu aeg abi, sest Sa olid alati kursis, mis j\u00e4i pooleli ja mis teemad \u00fcleval olid, Sa oled v\u00e4ga toetav ja mitmek\u00fclgsete kogemustega (ja praktikas palju erinevaid keisse n\u00e4inud), et ettev\u00f5tjaid toetada. Ja huumorimeel!<\/span><\/p>\n\n\n\n<p style=\"text-align:right\"><span style=\"color:#074e6d\" class=\"color\">Grete \/osales programmis m\u00e4rts 2019 &#8211; juuli 2019\/<\/span><\/p>\n\n\n\n<p><\/p>\n","protected":false},"excerpt":{"rendered":"<p>Kuni 2019 aasta&nbsp;13. oktoobri kesk\u00f6\u00f6ni on v\u00f5imalik erihinnaga registreeruda&nbsp;(alustava) ettev\u00f5tja coaching-programmi, mida juhatan ja l\u00e4bi viin. Mis programmis juhtub: Sa saad iga kuu \u00fche tunniajase v\u00f5i kaks pooletunnist \u00fcks-\u00fchele n\u00f5upidamise ja coachingu aega. Osaled suletud Facebooki grupis, kus on pidevalt v\u00f5imalik k\u00fcsida oma k\u00fcsimusi ja jagada kogemust. NB! Siin aktiivselt osalemine ei ole kohustuslik, see<span class=\"post-excerpt-end\">&hellip;<\/span><\/p>\n<p class=\"more-link\"><a href=\"https:\/\/kolmheadtegu.ee\/index.php\/eripakkumine\/\" class=\"themebutton\">Read More<\/a><\/p>\n","protected":false},"author":1,"featured_media":64,"parent":0,"menu_order":0,"comment_status":"closed","ping_status":"closed","template":"","meta":{"footnotes":""},"class_list":["post-56","page","type-page","status-publish","has-post-thumbnail","hentry"],"yoast_head":"<!-- This site is optimized with the Yoast SEO plugin v25.8 - https:\/\/yoast.com\/wordpress\/plugins\/seo\/ -->\n<title>Eripakkumine | Kolm Head Tegu<\/title>\n<meta name=\"description\" content=\"Kuni 2019 aasta 13. oktoobri kesk\u00f6\u00f6ni on v\u00f5imalik registreeruda alustava ettev\u00f5tja coaching-programmi, mida juhatab Elmo Puidet. Loe l\u00e4hemalt!\" \/>\n<meta name=\"robots\" content=\"index, follow, max-snippet:-1, max-image-preview:large, max-video-preview:-1\" \/>\n<link rel=\"canonical\" href=\"https:\/\/kolmheadtegu.ee\/index.php\/eripakkumine\/\" \/>\n<meta property=\"og:locale\" content=\"et_EE\" \/>\n<meta property=\"og:type\" content=\"article\" \/>\n<meta property=\"og:title\" content=\"Eripakkumine | Kolm Head Tegu\" \/>\n<meta property=\"og:description\" content=\"Kuni 2019 aasta 13. oktoobri kesk\u00f6\u00f6ni on v\u00f5imalik registreeruda alustava ettev\u00f5tja coaching-programmi, mida juhatab Elmo Puidet. Loe l\u00e4hemalt!\" \/>\n<meta property=\"og:url\" content=\"https:\/\/kolmheadtegu.ee\/index.php\/eripakkumine\/\" \/>\n<meta property=\"og:site_name\" content=\"Kolm Head Tegu\" \/>\n<meta property=\"article:modified_time\" content=\"2019-10-04T13:53:10+00:00\" \/>\n<meta property=\"og:image\" content=\"http:\/\/kolmheadtegu.ee\/wp-content\/uploads\/2019\/02\/pexels-photo-1509428.jpeg\" \/>\n\t<meta property=\"og:image:width\" content=\"1880\" \/>\n\t<meta property=\"og:image:height\" content=\"1228\" \/>\n\t<meta property=\"og:image:type\" content=\"image\/jpeg\" \/>\n<meta name=\"twitter:card\" content=\"summary_large_image\" \/>\n<meta name=\"twitter:label1\" content=\"Est. reading time\" \/>\n\t<meta name=\"twitter:data1\" content=\"3 minutit\" \/>\n<script type=\"application\/ld+json\" class=\"yoast-schema-graph\">{\"@context\":\"https:\/\/schema.org\",\"@graph\":[{\"@type\":\"WebPage\",\"@id\":\"https:\/\/kolmheadtegu.ee\/index.php\/eripakkumine\/\",\"url\":\"https:\/\/kolmheadtegu.ee\/index.php\/eripakkumine\/\",\"name\":\"Eripakkumine | Kolm Head Tegu\",\"isPartOf\":{\"@id\":\"https:\/\/kolmheadtegu.ee\/#website\"},\"primaryImageOfPage\":{\"@id\":\"https:\/\/kolmheadtegu.ee\/index.php\/eripakkumine\/#primaryimage\"},\"image\":{\"@id\":\"https:\/\/kolmheadtegu.ee\/index.php\/eripakkumine\/#primaryimage\"},\"thumbnailUrl\":\"https:\/\/kolmheadtegu.ee\/wp-content\/uploads\/2019\/02\/pexels-photo-1509428.jpeg\",\"datePublished\":\"2019-02-24T19:28:33+00:00\",\"dateModified\":\"2019-10-04T13:53:10+00:00\",\"description\":\"Kuni 2019 aasta 13. oktoobri kesk\u00f6\u00f6ni on v\u00f5imalik registreeruda alustava ettev\u00f5tja coaching-programmi, mida juhatab Elmo Puidet. Loe l\u00e4hemalt!\",\"breadcrumb\":{\"@id\":\"https:\/\/kolmheadtegu.ee\/index.php\/eripakkumine\/#breadcrumb\"},\"inLanguage\":\"et\",\"potentialAction\":[{\"@type\":\"ReadAction\",\"target\":[\"https:\/\/kolmheadtegu.ee\/index.php\/eripakkumine\/\"]}]},{\"@type\":\"ImageObject\",\"inLanguage\":\"et\",\"@id\":\"https:\/\/kolmheadtegu.ee\/index.php\/eripakkumine\/#primaryimage\",\"url\":\"https:\/\/kolmheadtegu.ee\/wp-content\/uploads\/2019\/02\/pexels-photo-1509428.jpeg\",\"contentUrl\":\"https:\/\/kolmheadtegu.ee\/wp-content\/uploads\/2019\/02\/pexels-photo-1509428.jpeg\",\"width\":1880,\"height\":1228,\"caption\":\"Photo by rawpixel.com on Pexels.com\"},{\"@type\":\"BreadcrumbList\",\"@id\":\"https:\/\/kolmheadtegu.ee\/index.php\/eripakkumine\/#breadcrumb\",\"itemListElement\":[{\"@type\":\"ListItem\",\"position\":1,\"name\":\"Home\",\"item\":\"https:\/\/kolmheadtegu.ee\/\"},{\"@type\":\"ListItem\",\"position\":2,\"name\":\"Eripakkumine\"}]},{\"@type\":\"WebSite\",\"@id\":\"https:\/\/kolmheadtegu.ee\/#website\",\"url\":\"https:\/\/kolmheadtegu.ee\/\",\"name\":\"Kolm Head Tegu\",\"description\":\"Alustava ettev\u00f5tja coaching\",\"publisher\":{\"@id\":\"https:\/\/kolmheadtegu.ee\/#organization\"},\"potentialAction\":[{\"@type\":\"SearchAction\",\"target\":{\"@type\":\"EntryPoint\",\"urlTemplate\":\"https:\/\/kolmheadtegu.ee\/?s={search_term_string}\"},\"query-input\":{\"@type\":\"PropertyValueSpecification\",\"valueRequired\":true,\"valueName\":\"search_term_string\"}}],\"inLanguage\":\"et\"},{\"@type\":\"Organization\",\"@id\":\"https:\/\/kolmheadtegu.ee\/#organization\",\"name\":\"Kolm Head Tegu\",\"url\":\"https:\/\/kolmheadtegu.ee\/\",\"logo\":{\"@type\":\"ImageObject\",\"inLanguage\":\"et\",\"@id\":\"https:\/\/kolmheadtegu.ee\/#\/schema\/logo\/image\/\",\"url\":\"https:\/\/kolmheadtegu.ee\/wp-content\/uploads\/2019\/03\/Logo3aaa.jpg\",\"contentUrl\":\"https:\/\/kolmheadtegu.ee\/wp-content\/uploads\/2019\/03\/Logo3aaa.jpg\",\"width\":297,\"height\":246,\"caption\":\"Kolm Head Tegu\"},\"image\":{\"@id\":\"https:\/\/kolmheadtegu.ee\/#\/schema\/logo\/image\/\"}}]}<\/script>\n<!-- \/ Yoast SEO plugin. -->","yoast_head_json":{"title":"Eripakkumine | Kolm Head Tegu","description":"Kuni 2019 aasta 13. oktoobri kesk\u00f6\u00f6ni on v\u00f5imalik registreeruda alustava ettev\u00f5tja coaching-programmi, mida juhatab Elmo Puidet. Loe l\u00e4hemalt!","robots":{"index":"index","follow":"follow","max-snippet":"max-snippet:-1","max-image-preview":"max-image-preview:large","max-video-preview":"max-video-preview:-1"},"canonical":"https:\/\/kolmheadtegu.ee\/index.php\/eripakkumine\/","og_locale":"et_EE","og_type":"article","og_title":"Eripakkumine | Kolm Head Tegu","og_description":"Kuni 2019 aasta 13. oktoobri kesk\u00f6\u00f6ni on v\u00f5imalik registreeruda alustava ettev\u00f5tja coaching-programmi, mida juhatab Elmo Puidet. Loe l\u00e4hemalt!","og_url":"https:\/\/kolmheadtegu.ee\/index.php\/eripakkumine\/","og_site_name":"Kolm Head Tegu","article_modified_time":"2019-10-04T13:53:10+00:00","og_image":[{"width":1880,"height":1228,"url":"http:\/\/kolmheadtegu.ee\/wp-content\/uploads\/2019\/02\/pexels-photo-1509428.jpeg","type":"image\/jpeg"}],"twitter_card":"summary_large_image","twitter_misc":{"Est. reading time":"3 minutit"},"schema":{"@context":"https:\/\/schema.org","@graph":[{"@type":"WebPage","@id":"https:\/\/kolmheadtegu.ee\/index.php\/eripakkumine\/","url":"https:\/\/kolmheadtegu.ee\/index.php\/eripakkumine\/","name":"Eripakkumine | Kolm Head Tegu","isPartOf":{"@id":"https:\/\/kolmheadtegu.ee\/#website"},"primaryImageOfPage":{"@id":"https:\/\/kolmheadtegu.ee\/index.php\/eripakkumine\/#primaryimage"},"image":{"@id":"https:\/\/kolmheadtegu.ee\/index.php\/eripakkumine\/#primaryimage"},"thumbnailUrl":"https:\/\/kolmheadtegu.ee\/wp-content\/uploads\/2019\/02\/pexels-photo-1509428.jpeg","datePublished":"2019-02-24T19:28:33+00:00","dateModified":"2019-10-04T13:53:10+00:00","description":"Kuni 2019 aasta 13. oktoobri kesk\u00f6\u00f6ni on v\u00f5imalik registreeruda alustava ettev\u00f5tja coaching-programmi, mida juhatab Elmo Puidet. Loe l\u00e4hemalt!","breadcrumb":{"@id":"https:\/\/kolmheadtegu.ee\/index.php\/eripakkumine\/#breadcrumb"},"inLanguage":"et","potentialAction":[{"@type":"ReadAction","target":["https:\/\/kolmheadtegu.ee\/index.php\/eripakkumine\/"]}]},{"@type":"ImageObject","inLanguage":"et","@id":"https:\/\/kolmheadtegu.ee\/index.php\/eripakkumine\/#primaryimage","url":"https:\/\/kolmheadtegu.ee\/wp-content\/uploads\/2019\/02\/pexels-photo-1509428.jpeg","contentUrl":"https:\/\/kolmheadtegu.ee\/wp-content\/uploads\/2019\/02\/pexels-photo-1509428.jpeg","width":1880,"height":1228,"caption":"Photo by rawpixel.com on Pexels.com"},{"@type":"BreadcrumbList","@id":"https:\/\/kolmheadtegu.ee\/index.php\/eripakkumine\/#breadcrumb","itemListElement":[{"@type":"ListItem","position":1,"name":"Home","item":"https:\/\/kolmheadtegu.ee\/"},{"@type":"ListItem","position":2,"name":"Eripakkumine"}]},{"@type":"WebSite","@id":"https:\/\/kolmheadtegu.ee\/#website","url":"https:\/\/kolmheadtegu.ee\/","name":"Kolm Head Tegu","description":"Alustava ettev\u00f5tja coaching","publisher":{"@id":"https:\/\/kolmheadtegu.ee\/#organization"},"potentialAction":[{"@type":"SearchAction","target":{"@type":"EntryPoint","urlTemplate":"https:\/\/kolmheadtegu.ee\/?s={search_term_string}"},"query-input":{"@type":"PropertyValueSpecification","valueRequired":true,"valueName":"search_term_string"}}],"inLanguage":"et"},{"@type":"Organization","@id":"https:\/\/kolmheadtegu.ee\/#organization","name":"Kolm Head Tegu","url":"https:\/\/kolmheadtegu.ee\/","logo":{"@type":"ImageObject","inLanguage":"et","@id":"https:\/\/kolmheadtegu.ee\/#\/schema\/logo\/image\/","url":"https:\/\/kolmheadtegu.ee\/wp-content\/uploads\/2019\/03\/Logo3aaa.jpg","contentUrl":"https:\/\/kolmheadtegu.ee\/wp-content\/uploads\/2019\/03\/Logo3aaa.jpg","width":297,"height":246,"caption":"Kolm Head Tegu"},"image":{"@id":"https:\/\/kolmheadtegu.ee\/#\/schema\/logo\/image\/"}}]}},"_links":{"self":[{"href":"https:\/\/kolmheadtegu.ee\/index.php\/wp-json\/wp\/v2\/pages\/56","targetHints":{"allow":["GET"]}}],"collection":[{"href":"https:\/\/kolmheadtegu.ee\/index.php\/wp-json\/wp\/v2\/pages"}],"about":[{"href":"https:\/\/kolmheadtegu.ee\/index.php\/wp-json\/wp\/v2\/types\/page"}],"author":[{"embeddable":true,"href":"https:\/\/kolmheadtegu.ee\/index.php\/wp-json\/wp\/v2\/users\/1"}],"replies":[{"embeddable":true,"href":"https:\/\/kolmheadtegu.ee\/index.php\/wp-json\/wp\/v2\/comments?post=56"}],"version-history":[{"count":37,"href":"https:\/\/kolmheadtegu.ee\/index.php\/wp-json\/wp\/v2\/pages\/56\/revisions"}],"predecessor-version":[{"id":365,"href":"https:\/\/kolmheadtegu.ee\/index.php\/wp-json\/wp\/v2\/pages\/56\/revisions\/365"}],"wp:featuredmedia":[{"embeddable":true,"href":"https:\/\/kolmheadtegu.ee\/index.php\/wp-json\/wp\/v2\/media\/64"}],"wp:attachment":[{"href":"https:\/\/kolmheadtegu.ee\/index.php\/wp-json\/wp\/v2\/media?parent=56"}],"curies":[{"name":"wp","href":"https:\/\/api.w.org\/{rel}","templated":true}]}}